{"id":50,"date":"2023-08-18T21:53:23","date_gmt":"2023-08-18T19:53:23","guid":{"rendered":"https:\/\/freschi.fr\/?page_id=50"},"modified":"2025-12-21T14:11:43","modified_gmt":"2025-12-21T13:11:43","slug":"faisons-connaissance","status":"publish","type":"page","link":"https:\/\/freschi.fr\/?page_id=50","title":{"rendered":"Faisons connaissance ?"},"content":{"rendered":"\n<div class=\"wp-block-columns are-vertically-aligned-center is-layout-flex wp-container-core-columns-is-layout-9d6595d7 wp-block-columns-is-layout-flex\">\n<div class=\"wp-block-column is-vertically-aligned-center is-layout-flow wp-block-column-is-layout-flow\" style=\"flex-basis:100%\">\n<div class=\"wp-block-columns is-layout-flex wp-container-core-columns-is-layout-9d6595d7 wp-block-columns-is-layout-flex\">\n<div class=\"wp-block-column is-layout-flow wp-block-column-is-layout-flow\">\n<figure class=\"wp-block-image size-large is-resized is-style-rounded\"><img data-opt-id=1678130969  fetchpriority=\"high\" decoding=\"async\" width=\"997\" height=\"1024\" src=\"https:\/\/mlkfqxokypq4.i.optimole.com\/w:997\/h:1024\/q:mauto\/f:best\/http:\/\/freschi.fr\/wp-content\/uploads\/2023\/10\/1533123996_5b619d9c6c982-1.jpg\" alt=\"\" class=\"wp-image-146\" style=\"aspect-ratio:0.9736328125;width:243px;height:auto\" srcset=\"https:\/\/mlkfqxokypq4.i.optimole.com\/w:997\/h:1024\/q:mauto\/f:best\/https:\/\/freschi.fr\/wp-content\/uploads\/2023\/10\/1533123996_5b619d9c6c982-1-scaled.jpg 997w, https:\/\/mlkfqxokypq4.i.optimole.com\/w:292\/h:300\/q:mauto\/f:best\/https:\/\/freschi.fr\/wp-content\/uploads\/2023\/10\/1533123996_5b619d9c6c982-1-scaled.jpg 292w, https:\/\/mlkfqxokypq4.i.optimole.com\/w:768\/h:789\/q:mauto\/f:best\/https:\/\/freschi.fr\/wp-content\/uploads\/2023\/10\/1533123996_5b619d9c6c982-1-scaled.jpg 768w, https:\/\/mlkfqxokypq4.i.optimole.com\/w:1051\/h:1080\/q:mauto\/f:best\/https:\/\/freschi.fr\/wp-content\/uploads\/2023\/10\/1533123996_5b619d9c6c982-1-scaled.jpg 1496w, https:\/\/mlkfqxokypq4.i.optimole.com\/w:1051\/h:1080\/q:mauto\/f:best\/https:\/\/freschi.fr\/wp-content\/uploads\/2023\/10\/1533123996_5b619d9c6c982-1-scaled.jpg 1994w\" sizes=\"(max-width: 997px) 100vw, 997px\" \/><\/figure>\n<\/div>\n\n\n\n<div class=\"wp-block-column is-vertically-aligned-bottom is-layout-flow wp-block-column-is-layout-flow\">\n<figure class=\"wp-block-image size-large is-resized\"><a href=\"https:\/\/rdv.terapiz.com\/hypnotherapeute\/chalo-saint-mars\/stephane-freschi\" target=\"_blank\" rel=\"noreferrer noopener\"><img data-opt-id=1585802662  fetchpriority=\"high\" decoding=\"async\" width=\"1024\" height=\"261\" src=\"https:\/\/mlkfqxokypq4.i.optimole.com\/w:1024\/h:261\/q:mauto\/f:best\/http:\/\/freschi.fr\/wp-content\/uploads\/2024\/12\/Prise-RV-Chalo.jpg\" alt=\"\" class=\"wp-image-257\" style=\"aspect-ratio:3.9233716475095783;width:367px;height:auto\" srcset=\"https:\/\/mlkfqxokypq4.i.optimole.com\/w:1024\/h:261\/q:mauto\/f:best\/https:\/\/freschi.fr\/wp-content\/uploads\/2024\/12\/Prise-RV-Chalo.jpg 1024w, https:\/\/mlkfqxokypq4.i.optimole.com\/w:300\/h:77\/q:mauto\/f:best\/https:\/\/freschi.fr\/wp-content\/uploads\/2024\/12\/Prise-RV-Chalo.jpg 300w, https:\/\/mlkfqxokypq4.i.optimole.com\/w:768\/h:196\/q:mauto\/f:best\/https:\/\/freschi.fr\/wp-content\/uploads\/2024\/12\/Prise-RV-Chalo.jpg 768w, https:\/\/mlkfqxokypq4.i.optimole.com\/w:1074\/h:274\/q:mauto\/f:best\/https:\/\/freschi.fr\/wp-content\/uploads\/2024\/12\/Prise-RV-Chalo.jpg 1074w\" sizes=\"(max-width: 1024px) 100vw, 1024px\" \/><\/a><\/figure>\n<\/div>\n<\/div>\n<\/div>\n<\/div>\n\n\n\n<p>C\u2019est avec le temps que je suis venu vers l\u2019exercice de la psychoth\u00e9rapie. En effet, mes d\u00e9buts professionnels en \u00e9taient bien \u00e9loign\u00e9s !<\/p>\n\n\n\n<p><strong>Une premi\u00e8re partie de parcours<\/strong> de vie m\u2019a tenue en haleine pendant six&nbsp;ann\u00e9es au sein des \u00e9quipes de France de Judo-Jujitsu. Ce fut un passage marquant non seulement par sa dimension sportive avec \u00e9videmment le d\u00e9passement de mes limites, physiques et mentales mais surtout un moment de prise de conscience d\u2019un ensemble d\u2019\u00e9l\u00e9ments tels que l\u2019engagement, la motivation, la remise en question face aux difficult\u00e9s, la gestion du stress, la confiance, la d\u00e9termination, le l\u00e2cher-prise \u2026 et le d\u00e9but d\u2019un questionnement&nbsp;plus profond et introspectif.<\/p>\n\n\n\n<p>Champion de France 1996, 1997 et 1998 \u2013 M\u00e9daille d\u2019argent aux&nbsp;Jeux Mondiaux \u2013 Lahti (Finlande) 1997 (Jeux Mondiaux ? : l\u2019\u00e9quivalent des Jeux Olympiques mais pour les disciplines non olympiques) \u2013&nbsp;Vice champion d\u2019Europe \u2013 Stockholm (Su\u00e8de) 1997 \u2013&nbsp;3e des Championnats du Monde \u2013 Paris 1996 \u2013&nbsp;3e des Championnats d\u2019Europe \u2013 Ath\u00e8nes (Gr\u00e8ce) 1995.<\/p>\n\n\n\n<p><strong>Deuxi\u00e8me partie de parcours<\/strong>&nbsp;et plus de dix ans en conduite de projets industriels \u00e0 fort enjeux dans les secteurs automobile, ferroviaire et gazier. De cette exp\u00e9rience, j\u2019ai \u00e9volu\u00e9 vers le&nbsp;consulting et la formation en management des hommes et le management de projet. J\u2019ai donc repris le chemin de l\u2019universit\u00e9 pour m\u2019y pr\u00e9parer. C\u2019est durant cette premi\u00e8re reconversion que j\u2019ai pu commencer \u00e0 r\u00e9unir mon int\u00e9r\u00eat pour l\u2019\u00eatre humain, mais surtout \u00e9laborer&nbsp;le postulat ou la conviction profonde que c\u2019est bien en investissant sur la compr\u00e9hension des besoins des hommes que l\u2019on obtient les meilleurs r\u00e9sultats individuels et collectifs\u2026 h\u00e9ritage sportif ou simple r\u00e8gle basic de management !<\/p>\n\n\n\n<p>Le questionnement grandissant, la notion du&nbsp;changement m\u2019a naturellement amen\u00e9 \u00e0 choisir l\u2019accompagnement des Hommes. J&rsquo;ai pour cela suivi un cursus en&nbsp;<strong>conduite du changement<\/strong>&nbsp;sanctionn\u00e9 par un Master 2 obtenu aux Arts et M\u00e9tiers puis en&nbsp;<strong>PNL,&nbsp;<\/strong>ma\u00eetre praticien.&nbsp;Je me suis \u00e9galement form\u00e9 \u00e0 la&nbsp;<strong>Process Communication Management.<\/strong><\/p>\n\n\n\n<figure class=\"wp-block-image size-medium\"><img data-opt-id=1140251553  fetchpriority=\"high\" decoding=\"async\" width=\"300\" height=\"205\" src=\"https:\/\/mlkfqxokypq4.i.optimole.com\/w:300\/h:205\/q:mauto\/f:best\/https:\/\/freschi.fr\/wp-content\/uploads\/2023\/08\/FRANCE-98-4.jpg\" alt=\"\" class=\"wp-image-52\" srcset=\"https:\/\/mlkfqxokypq4.i.optimole.com\/w:300\/h:205\/q:mauto\/f:best\/https:\/\/freschi.fr\/wp-content\/uploads\/2023\/08\/FRANCE-98-4.jpg 300w, https:\/\/mlkfqxokypq4.i.optimole.com\/w:1024\/h:700\/q:mauto\/f:best\/https:\/\/freschi.fr\/wp-content\/uploads\/2023\/08\/FRANCE-98-4.jpg 1024w, https:\/\/mlkfqxokypq4.i.optimole.com\/w:768\/h:525\/q:mauto\/f:best\/https:\/\/freschi.fr\/wp-content\/uploads\/2023\/08\/FRANCE-98-4.jpg 768w, https:\/\/mlkfqxokypq4.i.optimole.com\/w:1439\/h:984\/q:mauto\/f:best\/https:\/\/freschi.fr\/wp-content\/uploads\/2023\/08\/FRANCE-98-4.jpg 1439w\" sizes=\"(max-width: 300px) 100vw, 300px\" \/><\/figure>\n\n\n\n<p>Enfin, je me suis form\u00e9&nbsp;\u00e0 l\u2019hypnoth\u00e9rapie&nbsp;avec les m\u00e9thodes de l\u2019<strong>hypnoth\u00e9rapie clinique int\u00e9grative\u00ae<\/strong>&nbsp;de l\u2019Institut Sakti. Ce parcours de plusieurs ann\u00e9es m&rsquo;a permis d&rsquo;acqu\u00e9rir un solide bagage th\u00e9orique (diff\u00e9rentes approches th\u00e9rapeutiques et psychopathologiques) et pratique (l&rsquo;hypnose, EMDR, EFT, &#8230;)&nbsp;de l&rsquo;accompagnement psychoth\u00e9rapeutique.<\/p>\n\n\n\n<p>Ce long parcours me permet de ma\u00eetriser une approche \u00e0 la fois psychique et corporelle pour accueillir ce qui surgit l\u00e0, en s\u00e9ance, et&nbsp;cr\u00e9er ainsi les conditions de vos transformations.<\/p>\n\n\n\n<p>Et la premi\u00e8re formation d&rsquo;un th\u00e9rapeute,&nbsp;c&rsquo;est le travail qu&rsquo;il a accompli sur lui-m\u00eame, en profondeur ! Je suis donc pass\u00e9 moi aussi sur le divan pendant plusieurs ann\u00e9es et, pour ma pratique professionnelle, je suis supervis\u00e9.<\/p>\n\n\n<div class=\"wp-block-image\">\n<figure class=\"aligncenter size-large is-resized\"><img data-opt-id=1272105532  data-opt-src=\"https:\/\/mlkfqxokypq4.i.optimole.com\/w:819\/h:1024\/q:mauto\/f:best\/http:\/\/freschi.fr\/wp-content\/uploads\/2023\/08\/Photos_Stephane-556_retouche.jpg\"  decoding=\"async\" width=\"819\" height=\"1024\" src=\"data:image/svg+xml,%3Csvg%20viewBox%3D%220%200%20819%201024%22%20width%3D%22819%22%20height%3D%221024%22%20xmlns%3D%22http%3A%2F%2Fwww.w3.org%2F2000%2Fsvg%22%3E%3Crect%20width%3D%22819%22%20height%3D%221024%22%20fill%3D%22transparent%22%2F%3E%3C%2Fsvg%3E\" alt=\"\" class=\"wp-image-53\" style=\"aspect-ratio:0.7998046875;width:309px;height:auto\" old-srcset=\"https:\/\/mlkfqxokypq4.i.optimole.com\/w:819\/h:1024\/q:mauto\/f:best\/https:\/\/freschi.fr\/wp-content\/uploads\/2023\/08\/Photos_Stephane-556_retouche.jpg 819w, https:\/\/mlkfqxokypq4.i.optimole.com\/w:240\/h:300\/q:mauto\/f:best\/https:\/\/freschi.fr\/wp-content\/uploads\/2023\/08\/Photos_Stephane-556_retouche.jpg 240w, https:\/\/mlkfqxokypq4.i.optimole.com\/w:768\/h:960\/q:mauto\/f:best\/https:\/\/freschi.fr\/wp-content\/uploads\/2023\/08\/Photos_Stephane-556_retouche.jpg 768w, https:\/\/mlkfqxokypq4.i.optimole.com\/w:863\/h:1080\/q:mauto\/f:best\/https:\/\/freschi.fr\/wp-content\/uploads\/2023\/08\/Photos_Stephane-556_retouche.jpg 1228w, https:\/\/mlkfqxokypq4.i.optimole.com\/w:863\/h:1080\/q:mauto\/f:best\/https:\/\/freschi.fr\/wp-content\/uploads\/2023\/08\/Photos_Stephane-556_retouche.jpg 1269w\" \/><\/figure>\n<\/div>\n\n\n<p><\/p>\n\n\n\n<p><\/p>\n","protected":false},"excerpt":{"rendered":"<p>C\u2019est avec le temps que je suis venu vers l\u2019exercice de la psychoth\u00e9rapie. En effet, mes d\u00e9buts professionnels en \u00e9taient bien \u00e9loign\u00e9s ! Une premi\u00e8re partie de parcours de vie m\u2019a tenue en haleine pendant six&nbsp;ann\u00e9es au sein des \u00e9quipes de France de Judo-Jujitsu. Ce fut un passage marquant non seulement par sa dimension sportive&hellip;&nbsp;<a href=\"https:\/\/freschi.fr\/?page_id=50\" rel=\"bookmark\">Lire la suite &raquo;<span class=\"screen-reader-text\">Faisons connaissance ?<\/span><\/a><\/p>\n","protected":false},"author":1,"featured_media":0,"parent":0,"menu_order":0,"comment_status":"closed","ping_status":"closed","template":"","meta":{"om_disable_all_campaigns":false,"_monsterinsights_skip_tracking":false,"_monsterinsights_sitenote_active":false,"_monsterinsights_sitenote_note":"","_monsterinsights_sitenote_category":0,"neve_meta_sidebar":"","neve_meta_container":"","neve_meta_enable_content_width":"","neve_meta_content_width":0,"neve_meta_title_alignment":"","neve_meta_author_avatar":"","neve_post_elements_order":"","neve_meta_disable_header":"","neve_meta_disable_footer":"","neve_meta_disable_title":"","footnotes":""},"class_list":["post-50","page","type-page","status-publish","hentry"],"aioseo_notices":[],"_links":{"self":[{"href":"https:\/\/freschi.fr\/index.php?rest_route=\/wp\/v2\/pages\/50","targetHints":{"allow":["GET"]}}],"collection":[{"href":"https:\/\/freschi.fr\/index.php?rest_route=\/wp\/v2\/pages"}],"about":[{"href":"https:\/\/freschi.fr\/index.php?rest_route=\/wp\/v2\/types\/page"}],"author":[{"embeddable":true,"href":"https:\/\/freschi.fr\/index.php?rest_route=\/wp\/v2\/users\/1"}],"replies":[{"embeddable":true,"href":"https:\/\/freschi.fr\/index.php?rest_route=%2Fwp%2Fv2%2Fcomments&post=50"}],"version-history":[{"count":8,"href":"https:\/\/freschi.fr\/index.php?rest_route=\/wp\/v2\/pages\/50\/revisions"}],"predecessor-version":[{"id":283,"href":"https:\/\/freschi.fr\/index.php?rest_route=\/wp\/v2\/pages\/50\/revisions\/283"}],"wp:attachment":[{"href":"https:\/\/freschi.fr\/index.php?rest_route=%2Fwp%2Fv2%2Fmedia&parent=50"}],"curies":[{"name":"wp","href":"https:\/\/api.w.org\/{rel}","templated":true}]}}